{"id":3033,"date":"2025-11-04T11:03:12","date_gmt":"2025-11-04T10:03:12","guid":{"rendered":"https:\/\/fabrikamenija.com\/product\/karta-e-veres-luxe-line-kopertina-gome-a4-me-logo\/"},"modified":"2026-08-12T10:11:43","modified_gmt":"2026-08-12T08:11:43","slug":"karta-e-veres-luxe-line-kopertina-gome-a4-me-logo","status":"publish","type":"product","link":"https:\/\/fabrikamenija.com\/sq\/produkt\/karta-e-veres-luxe-line-kopertina-gome-a4-me-logo\/","title":{"rendered":"Karta e ver\u00ebs Luxe Line | Kopertina gome A4 me logo<br\/>"},"content":{"rendered":"<p>Karta e ve<a href=\"https:\/\/mojmeni.me\/\" target=\"_blank\" rel=\"noopener\">r\u00ebs Luxe Line \u00ebsht\u00eb nj\u00eb zgjidh<\/a>je premium p\u00ebr restorante, hotele, bare dhe vino<a href=\"https:\/\/fabrikamenija.com\/sq\/\">teka q\u00eb d\u00ebshirojn\u00eb nj\u00eb pr<\/a>odukt luksoz, t\u00eb q\u00ebndruesh\u00ebm dhe t\u00eb personalizuar. Fillimisht, ajo \u00ebsht\u00eb dizajnuar p\u00ebr objekte q\u00eb duan t\u00eb l\u00ebn\u00eb nj\u00eb p\u00ebrshtypje t\u00eb par\u00eb t\u00eb fuqishme te mysafir\u00ebt e tyre. Ky model kombinon dizajnin elegant dhe funksionalitetin praktik. Prandaj, \u00ebsht\u00eb zgjedhja e duhur p\u00ebr prezantimin profesional t\u00eb ver\u00ebs n\u00eb Mal t\u00eb Zi, Serbi, Bosnj\u00eb e Hercegovin\u00eb, Kroaci dhe Shqip\u00ebri.<\/p>\n<p>&nbsp;<\/p>\n<p>Ajo \u00ebsht\u00eb e nd\u00ebrtuar nga nj\u00eb material gome, uj\u00ebdend\u00ebs (vodootporan). P\u00ebr k\u00ebt\u00eb arsye, \u00ebsht\u00eb jasht\u00ebzakonisht e q\u00ebndrueshme ndaj konsumit t\u00eb p\u00ebrditsh\u00ebm dhe p\u00ebrdorimit intensiv n\u00eb restorante, hotele dhe bare n\u00eb Ballkan dhe Shqip\u00ebri. P\u00ebrve\u00e7 k\u00ebsaj, pllaka e art\u00eb e gdhendur me logon n\u00eb kolor thekson edhe m\u00eb shum\u00eb ekskluzivitetin dhe identitetin vizual luksoz. Pjesa e brendshme p\u00ebrmban folie PVC q\u00eb mund\u00ebsojn\u00eb nd\u00ebrrimin e shpejt\u00eb t\u00eb flet\u00ebve. Kjo do t\u00eb thot\u00eb se rregullimi i kart\u00ebs s\u00eb ver\u00ebs \u00ebsht\u00eb i shpejt\u00eb, i thjesht\u00eb dhe praktik.<\/p>\n<p>&nbsp;<\/p>\n<p>Shitja jon\u00eb online e kartave t\u00eb ver\u00ebs ju mund\u00ebson t\u00eb porositni shpejt dhe thjesht\u00eb karta ver\u00eb t\u00eb personalizuara. Ato mund t\u00eb p\u00ebrshtaten me logon dhe brendin e objektit tuaj. Karta e ver\u00ebs Luxe Line ofron nj\u00eb pamje profesionale. Mysafir\u00ebt tuaj do ta v\u00ebrejn\u00eb menj\u00ebher\u00eb v\u00ebmendjen e treguar ndaj detajeve dhe cil\u00ebsis\u00eb. Kjo \u00ebsht\u00eb ve\u00e7an\u00ebrisht e r\u00ebnd\u00ebsishme p\u00ebr restorante dhe hotele premium n\u00eb Shqip\u00ebri dhe rajon. Ata d\u00ebshirojn\u00eb t\u00eb ve\u00e7ohen dhe t&#8217;u ofrojn\u00eb nj\u00eb p\u00ebrvoj\u00eb t\u00eb paharrueshme vizitor\u00ebve t\u00eb tyre.<\/p>\n<p>&nbsp;<\/p>\n<p>Ky model ofron hap\u00ebsir\u00eb t\u00eb mjaftueshme p\u00ebr prezantimin e llojeve t\u00eb ndryshme t\u00eb ver\u00ebs. Foliert PVC mbrojn\u00eb p\u00ebrmbajtjen dhe leht\u00ebsojn\u00eb p\u00ebrdit\u00ebsimin e rregullt t\u00eb ofert\u00ebs. Fal\u00eb fleksibilitetit n\u00eb dizajn dhe produkteve premium p\u00ebr restorante n\u00eb Shqip\u00ebri dhe rajon, \u00ebsht\u00eb e mundur t\u00eb kombinohen formate, ngjyra dhe aksesor\u00eb t\u00eb ndrysh\u00ebm. N\u00eb k\u00ebt\u00eb m\u00ebnyr\u00eb, arrihet nj\u00eb identitet vizual unik i lokalit.<\/p>\n","protected":false},"excerpt":{"rendered":"<p><img loading=\"lazy\" decoding=\"async\" class=\"alignnone size-medium wp-image-1730\" src=\"https:\/\/fabrikamenija.com\/wp-content\/uploads\/2025\/11\/Vinska-karta-luxLine-karta-vina-meni-vinka-karta-jelovnik-jelovnici-cenovnici-korice-za-cenovinik-korice-za-jelovnik-kozne-korice-fabrika-menija-crna-gora-srbija-bosna-hrv-25-219x300.jpg\" alt=\"\" width=\"219\" height=\"300\" srcset=\"https:\/\/fabrikamenija.com\/wp-content\/uploads\/2025\/11\/Vinska-karta-luxLine-karta-vina-meni-vinka-karta-jelovnik-jelovnici-cenovnici-korice-za-cenovinik-korice-za-jelovnik-kozne-korice-fabrika-menija-crna-gora-srbija-bosna-hrv-25-219x300.jpg 219w, https:\/\/fabrikamenija.com\/wp-content\/uploads\/2025\/11\/Vinska-karta-luxLine-karta-vina-meni-vinka-karta-jelovnik-jelovnici-cenovnici-korice-za-cenovinik-korice-za-jelovnik-kozne-korice-fabrika-menija-crna-gora-srbija-bosna-hrv-25-747x1024.jpg 747w, https:\/\/fabrikamenija.com\/wp-content\/uploads\/2025\/11\/Vinska-karta-luxLine-karta-vina-meni-vinka-karta-jelovnik-jelovnici-cenovnici-korice-za-cenovinik-korice-za-jelovnik-kozne-korice-fabrika-menija-crna-gora-srbija-bosna-hrv-25-600x822.jpg 600w, https:\/\/fabrikamenija.com\/wp-content\/uploads\/2025\/11\/Vinska-karta-luxLine-karta-vina-meni-vinka-karta-jelovnik-jelovnici-cenovnici-korice-za-cenovinik-korice-za-jelovnik-kozne-korice-fabrika-menija-crna-gora-srbija-bosna-hrv-25.jpg 766w\" sizes=\"auto, (max-width: 219px) 100vw, 219px\" \/> <img loading=\"lazy\" decoding=\"async\" class=\"alignnone size-medium wp-image-1729\" src=\"https:\/\/fabrikamenija.com\/wp-content\/uploads\/2025\/11\/Vinska-karta-luxLine-karta-vina-meni-vinka-karta-jelovnik-jelovnici-cenovnici-korice-za-cenovinik-korice-za-jelovnik-kozne-korice-fabrika-menija-crna-gora-srbija-bosna-hrv-24-219x300.jpg\" alt=\"\" width=\"219\" height=\"300\" srcset=\"https:\/\/fabrikamenija.com\/wp-content\/uploads\/2025\/11\/Vinska-karta-luxLine-karta-vina-meni-vinka-karta-jelovnik-jelovnici-cenovnici-korice-za-cenovinik-korice-za-jelovnik-kozne-korice-fabrika-menija-crna-gora-srbija-bosna-hrv-24-219x300.jpg 219w, https:\/\/fabrikamenija.com\/wp-content\/uploads\/2025\/11\/Vinska-karta-luxLine-karta-vina-meni-vinka-karta-jelovnik-jelovnici-cenovnici-korice-za-cenovinik-korice-za-jelovnik-kozne-korice-fabrika-menija-crna-gora-srbija-bosna-hrv-24-747x1024.jpg 747w, https:\/\/fabrikamenija.com\/wp-content\/uploads\/2025\/11\/Vinska-karta-luxLine-karta-vina-meni-vinka-karta-jelovnik-jelovnici-cenovnici-korice-za-cenovinik-korice-za-jelovnik-kozne-korice-fabrika-menija-crna-gora-srbija-bosna-hrv-24-600x822.jpg 600w, https:\/\/fabrikamenija.com\/wp-content\/uploads\/2025\/11\/Vinska-karta-luxLine-karta-vina-meni-vinka-karta-jelovnik-jelovnici-cenovnici-korice-za-cenovinik-korice-za-jelovnik-kozne-korice-fabrika-menija-crna-gora-srbija-bosna-hrv-24.jpg 766w\" sizes=\"auto, (max-width: 219px) 100vw, 219px\" \/> <img loading=\"lazy\" decoding=\"async\" class=\"alignnone size-medium wp-image-1728\" src=\"https:\/\/fabrikamenija.com\/wp-content\/uploads\/2025\/11\/Vinska-karta-luxLine-karta-vina-meni-vinka-karta-jelovnik-jelovnici-cenovnici-korice-za-cenovinik-korice-za-jelovnik-kozne-korice-fabrika-menija-crna-gora-srbija-bosna-hrv-23-219x300.jpg\" alt=\"\" width=\"219\" height=\"300\" srcset=\"https:\/\/fabrikamenija.com\/wp-content\/uploads\/2025\/11\/Vinska-karta-luxLine-karta-vina-meni-vinka-karta-jelovnik-jelovnici-cenovnici-korice-za-cenovinik-korice-za-jelovnik-kozne-korice-fabrika-menija-crna-gora-srbija-bosna-hrv-23-219x300.jpg 219w, https:\/\/fabrikamenija.com\/wp-content\/uploads\/2025\/11\/Vinska-karta-luxLine-karta-vina-meni-vinka-karta-jelovnik-jelovnici-cenovnici-korice-za-cenovinik-korice-za-jelovnik-kozne-korice-fabrika-menija-crna-gora-srbija-bosna-hrv-23-747x1024.jpg 747w, https:\/\/fabrikamenija.com\/wp-content\/uploads\/2025\/11\/Vinska-karta-luxLine-karta-vina-meni-vinka-karta-jelovnik-jelovnici-cenovnici-korice-za-cenovinik-korice-za-jelovnik-kozne-korice-fabrika-menija-crna-gora-srbija-bosna-hrv-23-600x822.jpg 600w, https:\/\/fabrikamenija.com\/wp-content\/uploads\/2025\/11\/Vinska-karta-luxLine-karta-vina-meni-vinka-karta-jelovnik-jelovnici-cenovnici-korice-za-cenovinik-korice-za-jelovnik-kozne-korice-fabrika-menija-crna-gora-srbija-bosna-hrv-23.jpg 766w\" sizes=\"auto, (max-width: 219px) 100vw, 219px\" \/> <img loading=\"lazy\" decoding=\"async\" class=\"alignnone size-medium wp-image-1727\" src=\"https:\/\/fabrikamenija.com\/wp-content\/uploads\/2025\/11\/Vinska-karta-luxLine-karta-vina-meni-vinka-karta-jelovnik-jelovnici-cenovnici-korice-za-cenovinik-korice-za-jelovnik-kozne-korice-fabrika-menija-crna-gora-srbija-bosna-hrv-22-219x300.jpg\" alt=\"\" width=\"219\" height=\"300\" srcset=\"https:\/\/fabrikamenija.com\/wp-content\/uploads\/2025\/11\/Vinska-karta-luxLine-karta-vina-meni-vinka-karta-jelovnik-jelovnici-cenovnici-korice-za-cenovinik-korice-za-jelovnik-kozne-korice-fabrika-menija-crna-gora-srbija-bosna-hrv-22-219x300.jpg 219w, https:\/\/fabrikamenija.com\/wp-content\/uploads\/2025\/11\/Vinska-karta-luxLine-karta-vina-meni-vinka-karta-jelovnik-jelovnici-cenovnici-korice-za-cenovinik-korice-za-jelovnik-kozne-korice-fabrika-menija-crna-gora-srbija-bosna-hrv-22-747x1024.jpg 747w, https:\/\/fabrikamenija.com\/wp-content\/uploads\/2025\/11\/Vinska-karta-luxLine-karta-vina-meni-vinka-karta-jelovnik-jelovnici-cenovnici-korice-za-cenovinik-korice-za-jelovnik-kozne-korice-fabrika-menija-crna-gora-srbija-bosna-hrv-22-600x822.jpg 600w, https:\/\/fabrikamenija.com\/wp-content\/uploads\/2025\/11\/Vinska-karta-luxLine-karta-vina-meni-vinka-karta-jelovnik-jelovnici-cenovnici-korice-za-cenovinik-korice-za-jelovnik-kozne-korice-fabrika-menija-crna-gora-srbija-bosna-hrv-22.jpg 766w\" sizes=\"auto, (max-width: 219px) 100vw, 219px\" \/> <img loading=\"lazy\" decoding=\"async\" class=\"alignnone size-medium wp-image-1726\" src=\"https:\/\/fabrikamenija.com\/wp-content\/uploads\/2025\/11\/Vinska-karta-luxLine-karta-vina-meni-vinka-karta-jelovnik-jelovnici-cenovnici-korice-za-cenovinik-korice-za-jelovnik-kozne-korice-fabrika-menija-crna-gora-srbija-bosna-hrv-21-219x300.jpg\" alt=\"\" width=\"219\" height=\"300\" srcset=\"https:\/\/fabrikamenija.com\/wp-content\/uploads\/2025\/11\/Vinska-karta-luxLine-karta-vina-meni-vinka-karta-jelovnik-jelovnici-cenovnici-korice-za-cenovinik-korice-za-jelovnik-kozne-korice-fabrika-menija-crna-gora-srbija-bosna-hrv-21-219x300.jpg 219w, https:\/\/fabrikamenija.com\/wp-content\/uploads\/2025\/11\/Vinska-karta-luxLine-karta-vina-meni-vinka-karta-jelovnik-jelovnici-cenovnici-korice-za-cenovinik-korice-za-jelovnik-kozne-korice-fabrika-menija-crna-gora-srbija-bosna-hrv-21-747x1024.jpg 747w, https:\/\/fabrikamenija.com\/wp-content\/uploads\/2025\/11\/Vinska-karta-luxLine-karta-vina-meni-vinka-karta-jelovnik-jelovnici-cenovnici-korice-za-cenovinik-korice-za-jelovnik-kozne-korice-fabrika-menija-crna-gora-srbija-bosna-hrv-21-600x822.jpg 600w, https:\/\/fabrikamenija.com\/wp-content\/uploads\/2025\/11\/Vinska-karta-luxLine-karta-vina-meni-vinka-karta-jelovnik-jelovnici-cenovnici-korice-za-cenovinik-korice-za-jelovnik-kozne-korice-fabrika-menija-crna-gora-srbija-bosna-hrv-21.jpg 766w\" sizes=\"auto, (max-width: 219px) 100vw, 219px\" \/><\/p>\n<p><strong data-start=\"477\" data-end=\"503\">Karta e ver\u00ebs<\/strong> Luxe Line \u00ebsht\u00eb nj\u00eb model ekskluziv p\u00ebr restorante, hotele dhe vinoteka n\u00eb Shqip\u00ebri dhe rajon q\u00eb d\u00ebshirojn\u00eb t\u00eb ve\u00e7ohen me stil dhe eleganc\u00eb. Kopertinat e gomuara me pamje luksoze p\u00ebrmbajn\u00eb nj\u00eb <strong data-start=\"644\" data-end=\"672\">pllak\u00eb t\u00eb art\u00eb t\u00eb gdhendur<\/strong> dhe mund\u00ebsin\u00eb e shtypjes me kolor t\u00eb logos, nd\u00ebrsa<strong data-start=\"685\" data-end=\"710\"> foliet PVC<\/strong> mbrojn\u00eb ofert\u00ebn tuaj t\u00eb ver\u00ebs nga konsumi dhe lag\u00ebshtia.<\/p>\n","protected":false},"featured_media":3013,"template":"","meta":[],"product_brand":[],"product_cat":[172],"product_tag":[235,237,229,181,232,314,315,245,241,230,236,316,240,233,313,173,317,204,231,234,238],"class_list":["post-3033","product","type-product","status-publish","has-post-thumbnail","product_cat-hartat-e-vererave","product_tag-bosnja-dhe-hercegovina","product_tag-dyqane-vererash","product_tag-flete-pvc","product_tag-harta-e-vererave","product_tag-hotele","product_tag-karte-vere-luksoze","product_tag-kopertina-me-pllake-te-arte","product_tag-kopertina-rezistente-ndaj-ujit","product_tag-kopertina-te-gomuara","product_tag-krijimi-i-menuve-or-prodhimi-i-menuve","product_tag-kroacia","product_tag-logo-me-kolor","product_tag-luxe-line","product_tag-mali-i-zi","product_tag-maqedonia","product_tag-menu","product_tag-menu-luksoze-2","product_tag-meny","product_tag-restorante","product_tag-serbia","product_tag-shqiperia","first","instock","shipping-taxable","purchasable","product-type-simple"],"jetpack_sharing_enabled":true,"_links":{"self":[{"href":"https:\/\/fabrikamenija.com\/sq\/wp-json\/wp\/v2\/product\/3033","targetHints":{"allow":["GET"]}}],"collection":[{"href":"https:\/\/fabrikamenija.com\/sq\/wp-json\/wp\/v2\/product"}],"about":[{"href":"https:\/\/fabrikamenija.com\/sq\/wp-json\/wp\/v2\/types\/product"}],"wp:featuredmedia":[{"embeddable":true,"href":"https:\/\/fabrikamenija.com\/sq\/wp-json\/wp\/v2\/media\/3013"}],"wp:attachment":[{"href":"https:\/\/fabrikamenija.com\/sq\/wp-json\/wp\/v2\/media?parent=3033"}],"wp:term":[{"taxonomy":"product_brand","embeddable":true,"href":"https:\/\/fabrikamenija.com\/sq\/wp-json\/wp\/v2\/product_brand?post=3033"},{"taxonomy":"product_cat","embeddable":true,"href":"https:\/\/fabrikamenija.com\/sq\/wp-json\/wp\/v2\/product_cat?post=3033"},{"taxonomy":"product_tag","embeddable":true,"href":"https:\/\/fabrikamenija.com\/sq\/wp-json\/wp\/v2\/product_tag?post=3033"}],"curies":[{"name":"wp","href":"https:\/\/api.w.org\/{rel}","templated":true}]}}